{"id":1326,"date":"2024-09-11T16:51:57","date_gmt":"2024-09-11T16:51:57","guid":{"rendered":"https:\/\/lareservaxalda.es\/services\/"},"modified":"2025-03-09T19:02:11","modified_gmt":"2025-03-09T19:02:11","slug":"talleres-infantiles","status":"publish","type":"page","link":"https:\/\/lareservaxalda.es\/en\/talleres-infantiles\/","title":{"rendered":"Talleres Infantiles"},"content":{"rendered":"<div data-elementor-type=\"wp-page\" data-elementor-id=\"1326\" class=\"elementor elementor-1326\">\n\t\t\t\t<div class=\"elementor-element elementor-element-a5a6af0 e-flex e-con-boxed e-con e-parent\" data-id=\"a5a6af0\" data-element_type=\"container\" data-e-type=\"container\">\n\t\t\t\t\t<div class=\"e-con-inner\">\n\t\t<div class=\"elementor-element elementor-element-f8018ed e-con-full e-flex e-con e-child\" data-id=\"f8018ed\" data-element_type=\"container\" data-e-type=\"container\">\n\t\t\t\t<div class=\"elementor-element elementor-element-a067b6f elementor-widget elementor-widget-heading\" data-id=\"a067b6f\" data-element_type=\"widget\" data-e-type=\"widget\" data-widget_type=\"heading.default\">\n\t\t\t\t<div class=\"elementor-widget-container\">\n\t\t\t\t\t<h2 class=\"elementor-heading-title elementor-size-default\">Talleres infantiles<\/h2>\t\t\t\t<\/div>\n\t\t\t\t<\/div>\n\t\t\t\t<\/div>\n\t\t\t\t\t<\/div>\n\t\t\t\t<\/div>\n\t\t<div class=\"elementor-element elementor-element-999c5be e-flex e-con-boxed e-con e-parent\" data-id=\"999c5be\" data-element_type=\"container\" data-e-type=\"container\">\n\t\t\t\t\t<div class=\"e-con-inner\">\n\t\t\t\t<div class=\"elementor-element elementor-element-3813d42 elementor-widget elementor-widget-heading\" data-id=\"3813d42\" data-element_type=\"widget\" data-e-type=\"widget\" data-widget_type=\"heading.default\">\n\t\t\t\t<div class=\"elementor-widget-container\">\n\t\t\t\t\t<h3 class=\"elementor-heading-title elementor-size-default\">Talleres Creativos y Naturaleza en el Coraz\u00f3n de Asturias<\/h3>\t\t\t\t<\/div>\n\t\t\t\t<\/div>\n\t\t\t\t<div class=\"elementor-element elementor-element-089355c elementor-widget elementor-widget-text-editor\" data-id=\"089355c\" data-element_type=\"widget\" data-e-type=\"widget\" data-widget_type=\"text-editor.default\">\n\t\t\t\t<div class=\"elementor-widget-container\">\n\t\t\t\t\t\t\t\t\t<p>Nuestra peque\u00f1a escuela-bosque, inspirada en el fen\u00f3meno cultural de <em data-start=\"69\" data-end=\"82\">friluftsliv<\/em>, te invita a descubrir un espacio \u00fanico en plena naturaleza en La Reserva. A trav\u00e9s de nuestros talleres infantiles, buscamos conectar a los m\u00e1s peque\u00f1os con el entorno natural, fomentando su creatividad, curiosidad y respeto por el medio ambiente. En un ambiente libre y estimulante, promovemos el aprendizaje a trav\u00e9s de la exploraci\u00f3n, el juego y la convivencia en la naturaleza, ofreciendo una experiencia educativa enriquecedora para cada ni\u00f1o.<\/p>\t\t\t\t\t\t\t\t<\/div>\n\t\t\t\t<\/div>\n\t\t\t\t<div class=\"elementor-element elementor-element-e1160ee elementor-position-left elementor-vertical-align-middle elementor-widget elementor-widget-image-box\" data-id=\"e1160ee\" data-element_type=\"widget\" data-e-type=\"widget\" data-widget_type=\"image-box.default\">\n\t\t\t\t<div class=\"elementor-widget-container\">\n\t\t\t\t\t<div class=\"elementor-image-box-wrapper\"><figure class=\"elementor-image-box-img\"><img fetchpriority=\"high\" decoding=\"async\" width=\"1500\" height=\"1500\" src=\"https:\/\/lareservaxalda.es\/wp-content\/uploads\/2024\/11\/WhatsAppImage2024-10-31at09.05.57-e1741376672905.jpeg\" class=\"attachment-full size-full wp-image-2500\" alt=\"La reserva, Biodiversidad, Econom\u00eda Circular, Sostenibilidad y Trazabilidad.\" srcset=\"https:\/\/lareservaxalda.es\/wp-content\/uploads\/2024\/11\/WhatsAppImage2024-10-31at09.05.57-e1741376672905.jpeg 1500w, https:\/\/lareservaxalda.es\/wp-content\/uploads\/2024\/11\/WhatsAppImage2024-10-31at09.05.57-e1741376672905-300x300.jpeg 300w, https:\/\/lareservaxalda.es\/wp-content\/uploads\/2024\/11\/WhatsAppImage2024-10-31at09.05.57-e1741376672905-1024x1024.jpeg 1024w, https:\/\/lareservaxalda.es\/wp-content\/uploads\/2024\/11\/WhatsAppImage2024-10-31at09.05.57-e1741376672905-150x150.jpeg 150w, https:\/\/lareservaxalda.es\/wp-content\/uploads\/2024\/11\/WhatsAppImage2024-10-31at09.05.57-e1741376672905-768x768.jpeg 768w, https:\/\/lareservaxalda.es\/wp-content\/uploads\/2024\/11\/WhatsAppImage2024-10-31at09.05.57-e1741376672905-600x600.jpeg 600w, https:\/\/lareservaxalda.es\/wp-content\/uploads\/2024\/11\/WhatsAppImage2024-10-31at09.05.57-e1741376672905-100x100.jpeg 100w, https:\/\/lareservaxalda.es\/wp-content\/uploads\/2024\/11\/WhatsAppImage2024-10-31at09.05.57-e1741376672905-12x12.jpeg 12w\" sizes=\"(max-width: 1500px) 100vw, 1500px\" \/><\/figure><div class=\"elementor-image-box-content\"><h3 class=\"elementor-image-box-title\">Lavado de lana y manualidades:<\/h3><p class=\"elementor-image-box-description\">Los ni\u00f1os podr\u00e1n experimentar de cerca el proceso tradicional de lavar la lana, transform\u00e1ndola luego en bonitas manualidades que se llevar\u00e1n a casa como recuerdo de su aventura natural.<\/p><\/div><\/div>\t\t\t\t<\/div>\n\t\t\t\t<\/div>\n\t\t\t\t<div class=\"elementor-element elementor-element-10fb030 elementor-position-right elementor-vertical-align-middle elementor-widget elementor-widget-image-box\" data-id=\"10fb030\" data-element_type=\"widget\" data-e-type=\"widget\" data-widget_type=\"image-box.default\">\n\t\t\t\t<div class=\"elementor-widget-container\">\n\t\t\t\t\t<div class=\"elementor-image-box-wrapper\"><figure class=\"elementor-image-box-img\"><img decoding=\"async\" width=\"1200\" height=\"1123\" src=\"https:\/\/lareservaxalda.es\/wp-content\/uploads\/2024\/11\/ImagendeWhatsApp2024-09-22alas20.26.29_fdfa267c-e1740167397986.jpg\" class=\"attachment-full size-full wp-image-2697\" alt=\"La Reserva, taller infantil, pinturas con acuarela en el bosque\" srcset=\"https:\/\/lareservaxalda.es\/wp-content\/uploads\/2024\/11\/ImagendeWhatsApp2024-09-22alas20.26.29_fdfa267c-e1740167397986.jpg 1200w, https:\/\/lareservaxalda.es\/wp-content\/uploads\/2024\/11\/ImagendeWhatsApp2024-09-22alas20.26.29_fdfa267c-e1740167397986-300x281.jpg 300w, https:\/\/lareservaxalda.es\/wp-content\/uploads\/2024\/11\/ImagendeWhatsApp2024-09-22alas20.26.29_fdfa267c-e1740167397986-1024x958.jpg 1024w, https:\/\/lareservaxalda.es\/wp-content\/uploads\/2024\/11\/ImagendeWhatsApp2024-09-22alas20.26.29_fdfa267c-e1740167397986-768x719.jpg 768w, https:\/\/lareservaxalda.es\/wp-content\/uploads\/2024\/11\/ImagendeWhatsApp2024-09-22alas20.26.29_fdfa267c-e1740167397986-600x562.jpg 600w, https:\/\/lareservaxalda.es\/wp-content\/uploads\/2024\/11\/ImagendeWhatsApp2024-09-22alas20.26.29_fdfa267c-e1740167397986-13x12.jpg 13w\" sizes=\"(max-width: 1200px) 100vw, 1200px\" \/><\/figure><div class=\"elementor-image-box-content\"><h3 class=\"elementor-image-box-title\">Pintura con acuarelas en el bosque:<\/h3><p class=\"elementor-image-box-description\">Con el paisaje asturiano como lienzo, los peque\u00f1os artistas podr\u00e1n capturar la esencia del bosque en hermosos cuadros con acuarelas, inspir\u00e1ndose en los colores, formas y texturas que ofrece la naturaleza.<\/p><\/div><\/div>\t\t\t\t<\/div>\n\t\t\t\t<\/div>\n\t\t\t\t<div class=\"elementor-element elementor-element-70dbf4f elementor-position-left elementor-vertical-align-middle elementor-widget elementor-widget-image-box\" data-id=\"70dbf4f\" data-element_type=\"widget\" data-e-type=\"widget\" data-widget_type=\"image-box.default\">\n\t\t\t\t<div class=\"elementor-widget-container\">\n\t\t\t\t\t<div class=\"elementor-image-box-wrapper\"><figure class=\"elementor-image-box-img\"><img decoding=\"async\" width=\"1200\" height=\"1123\" src=\"https:\/\/lareservaxalda.es\/wp-content\/uploads\/2025\/02\/IMG-20250217-WA0038-e1740167734974.jpg\" class=\"attachment-full size-full wp-image-2918\" alt=\"La Reserva, flora y fauna de Asturias\" srcset=\"https:\/\/lareservaxalda.es\/wp-content\/uploads\/2025\/02\/IMG-20250217-WA0038-e1740167734974.jpg 1200w, https:\/\/lareservaxalda.es\/wp-content\/uploads\/2025\/02\/IMG-20250217-WA0038-e1740167734974-300x281.jpg 300w, https:\/\/lareservaxalda.es\/wp-content\/uploads\/2025\/02\/IMG-20250217-WA0038-e1740167734974-1024x958.jpg 1024w, https:\/\/lareservaxalda.es\/wp-content\/uploads\/2025\/02\/IMG-20250217-WA0038-e1740167734974-768x719.jpg 768w, https:\/\/lareservaxalda.es\/wp-content\/uploads\/2025\/02\/IMG-20250217-WA0038-e1740167734974-13x12.jpg 13w, https:\/\/lareservaxalda.es\/wp-content\/uploads\/2025\/02\/IMG-20250217-WA0038-e1740167734974-600x562.jpg 600w\" sizes=\"(max-width: 1200px) 100vw, 1200px\" \/><\/figure><div class=\"elementor-image-box-content\"><h3 class=\"elementor-image-box-title\">Conoce la fauna aut\u00f3ctona:<\/h3><p class=\"elementor-image-box-description\">De la mano de nuestros gu\u00edas, los ni\u00f1os aprender\u00e1n sobre la rica fauna local de Asturias, descubriendo especies que habitan nuestros bosques y praderas, mientras juegan a identificar sus huellas y sonidos.<\/p><\/div><\/div>\t\t\t\t<\/div>\n\t\t\t\t<\/div>\n\t\t\t\t<div class=\"elementor-element elementor-element-517acec elementor-position-right elementor-vertical-align-middle elementor-widget elementor-widget-image-box\" data-id=\"517acec\" data-element_type=\"widget\" data-e-type=\"widget\" data-widget_type=\"image-box.default\">\n\t\t\t\t<div class=\"elementor-widget-container\">\n\t\t\t\t\t<div class=\"elementor-image-box-wrapper\"><figure class=\"elementor-image-box-img\"><img loading=\"lazy\" decoding=\"async\" width=\"1200\" height=\"1123\" src=\"https:\/\/lareservaxalda.es\/wp-content\/uploads\/2025\/02\/IMG-20250217-WA0048-e1740168048471.jpg\" class=\"attachment-full size-full wp-image-2919\" alt=\"La Reserva, bot\u00e1nica de Asturias\" srcset=\"https:\/\/lareservaxalda.es\/wp-content\/uploads\/2025\/02\/IMG-20250217-WA0048-e1740168048471.jpg 1200w, https:\/\/lareservaxalda.es\/wp-content\/uploads\/2025\/02\/IMG-20250217-WA0048-e1740168048471-300x281.jpg 300w, https:\/\/lareservaxalda.es\/wp-content\/uploads\/2025\/02\/IMG-20250217-WA0048-e1740168048471-1024x958.jpg 1024w, https:\/\/lareservaxalda.es\/wp-content\/uploads\/2025\/02\/IMG-20250217-WA0048-e1740168048471-768x719.jpg 768w, https:\/\/lareservaxalda.es\/wp-content\/uploads\/2025\/02\/IMG-20250217-WA0048-e1740168048471-13x12.jpg 13w, https:\/\/lareservaxalda.es\/wp-content\/uploads\/2025\/02\/IMG-20250217-WA0048-e1740168048471-600x562.jpg 600w\" sizes=\"(max-width: 1200px) 100vw, 1200px\" \/><\/figure><div class=\"elementor-image-box-content\"><h3 class=\"elementor-image-box-title\">Bot\u00e1nica y el fascinante mundo de las plantas:<\/h3><p class=\"elementor-image-box-description\">En nuestros recorridos bot\u00e1nicos, los ni\u00f1os explorar\u00e1n la flora asturiana, tocando, oliendo y conociendo las plantas aut\u00f3ctonas, y aprender\u00e1n sobre su importancia ecol\u00f3gica y sus usos tradicionales.<\/p><\/div><\/div>\t\t\t\t<\/div>\n\t\t\t\t<\/div>\n\t\t\t\t<div class=\"elementor-element elementor-element-bae1102 elementor-position-left elementor-vertical-align-middle elementor-widget elementor-widget-image-box\" data-id=\"bae1102\" data-element_type=\"widget\" data-e-type=\"widget\" data-widget_type=\"image-box.default\">\n\t\t\t\t<div class=\"elementor-widget-container\">\n\t\t\t\t\t<div class=\"elementor-image-box-wrapper\"><figure class=\"elementor-image-box-img\"><img loading=\"lazy\" decoding=\"async\" width=\"1200\" height=\"1123\" src=\"https:\/\/lareservaxalda.es\/wp-content\/uploads\/2025\/02\/IMG-20250218-WA0023-e1740168210120.jpg\" class=\"attachment-full size-full wp-image-2920\" alt=\"La Reserva, la huerta\" srcset=\"https:\/\/lareservaxalda.es\/wp-content\/uploads\/2025\/02\/IMG-20250218-WA0023-e1740168210120.jpg 1200w, https:\/\/lareservaxalda.es\/wp-content\/uploads\/2025\/02\/IMG-20250218-WA0023-e1740168210120-300x281.jpg 300w, https:\/\/lareservaxalda.es\/wp-content\/uploads\/2025\/02\/IMG-20250218-WA0023-e1740168210120-1024x958.jpg 1024w, https:\/\/lareservaxalda.es\/wp-content\/uploads\/2025\/02\/IMG-20250218-WA0023-e1740168210120-768x719.jpg 768w, https:\/\/lareservaxalda.es\/wp-content\/uploads\/2025\/02\/IMG-20250218-WA0023-e1740168210120-13x12.jpg 13w, https:\/\/lareservaxalda.es\/wp-content\/uploads\/2025\/02\/IMG-20250218-WA0023-e1740168210120-600x562.jpg 600w\" sizes=\"(max-width: 1200px) 100vw, 1200px\" \/><\/figure><div class=\"elementor-image-box-content\"><h3 class=\"elementor-image-box-title\">Cultivando la tierra en el huerto:<\/h3><p class=\"elementor-image-box-description\">Con sus manos en la tierra, los ni\u00f1os podr\u00e1n sembrar y cuidar diferentes cultivos, entendiendo la importancia de la agricultura ecol\u00f3gica y el respeto por el medio ambiente.<\/p><\/div><\/div>\t\t\t\t<\/div>\n\t\t\t\t<\/div>\n\t\t\t\t<div class=\"elementor-element elementor-element-9f3a439 elementor-position-right elementor-vertical-align-middle elementor-widget elementor-widget-image-box\" data-id=\"9f3a439\" data-element_type=\"widget\" data-e-type=\"widget\" data-widget_type=\"image-box.default\">\n\t\t\t\t<div class=\"elementor-widget-container\">\n\t\t\t\t\t<div class=\"elementor-image-box-wrapper\"><figure class=\"elementor-image-box-img\"><img loading=\"lazy\" decoding=\"async\" width=\"1200\" height=\"1123\" src=\"https:\/\/lareservaxalda.es\/wp-content\/uploads\/2025\/02\/Imagen-de-WhatsApp-2025-02-18-a-las-11.09.31_a9738239-e1740168347814.jpg\" class=\"attachment-full size-full wp-image-2921\" alt=\"La Reserva, la burrita\" srcset=\"https:\/\/lareservaxalda.es\/wp-content\/uploads\/2025\/02\/Imagen-de-WhatsApp-2025-02-18-a-las-11.09.31_a9738239-e1740168347814.jpg 1200w, https:\/\/lareservaxalda.es\/wp-content\/uploads\/2025\/02\/Imagen-de-WhatsApp-2025-02-18-a-las-11.09.31_a9738239-e1740168347814-300x281.jpg 300w, https:\/\/lareservaxalda.es\/wp-content\/uploads\/2025\/02\/Imagen-de-WhatsApp-2025-02-18-a-las-11.09.31_a9738239-e1740168347814-1024x958.jpg 1024w, https:\/\/lareservaxalda.es\/wp-content\/uploads\/2025\/02\/Imagen-de-WhatsApp-2025-02-18-a-las-11.09.31_a9738239-e1740168347814-768x719.jpg 768w, https:\/\/lareservaxalda.es\/wp-content\/uploads\/2025\/02\/Imagen-de-WhatsApp-2025-02-18-a-las-11.09.31_a9738239-e1740168347814-13x12.jpg 13w, https:\/\/lareservaxalda.es\/wp-content\/uploads\/2025\/02\/Imagen-de-WhatsApp-2025-02-18-a-las-11.09.31_a9738239-e1740168347814-600x562.jpg 600w\" sizes=\"(max-width: 1200px) 100vw, 1200px\" \/><\/figure><div class=\"elementor-image-box-content\"><h3 class=\"elementor-image-box-title\">El reba\u00f1o y la burrita:<\/h3><p class=\"elementor-image-box-description\">Nuestros amigos animales tambi\u00e9n son parte fundamental de la experiencia. Los ni\u00f1os tendr\u00e1n la oportunidad de interactuar con el reba\u00f1o de ovejas y conocer a nuestra simp\u00e1tica burrita, aprendiendo sobre el cuidado y la vida animal en el campo.<\/p><\/div><\/div>\t\t\t\t<\/div>\n\t\t\t\t<\/div>\n\t\t\t\t<div class=\"elementor-element elementor-element-5367a0a elementor-position-left elementor-vertical-align-middle elementor-widget elementor-widget-image-box\" data-id=\"5367a0a\" data-element_type=\"widget\" data-e-type=\"widget\" data-widget_type=\"image-box.default\">\n\t\t\t\t<div class=\"elementor-widget-container\">\n\t\t\t\t\t<div class=\"elementor-image-box-wrapper\"><figure class=\"elementor-image-box-img\"><img loading=\"lazy\" decoding=\"async\" width=\"1200\" height=\"1123\" src=\"https:\/\/lareservaxalda.es\/wp-content\/uploads\/2024\/10\/IMG_20240613_193318-e1740168457946.jpg\" class=\"attachment-full size-full wp-image-2288\" alt=\"La Reserva, plantaci\u00f3n de ar\u00e1ndanos\" srcset=\"https:\/\/lareservaxalda.es\/wp-content\/uploads\/2024\/10\/IMG_20240613_193318-e1740168457946.jpg 1200w, https:\/\/lareservaxalda.es\/wp-content\/uploads\/2024\/10\/IMG_20240613_193318-e1740168457946-300x281.jpg 300w, https:\/\/lareservaxalda.es\/wp-content\/uploads\/2024\/10\/IMG_20240613_193318-e1740168457946-1024x958.jpg 1024w, https:\/\/lareservaxalda.es\/wp-content\/uploads\/2024\/10\/IMG_20240613_193318-e1740168457946-768x719.jpg 768w, https:\/\/lareservaxalda.es\/wp-content\/uploads\/2024\/10\/IMG_20240613_193318-e1740168457946-600x562.jpg 600w, https:\/\/lareservaxalda.es\/wp-content\/uploads\/2024\/10\/IMG_20240613_193318-e1740168457946-13x12.jpg 13w\" sizes=\"(max-width: 1200px) 100vw, 1200px\" \/><\/figure><div class=\"elementor-image-box-content\"><h3 class=\"elementor-image-box-title\">Recolecta de ar\u00e1ndanos:<\/h3><p class=\"elementor-image-box-description\">Los peque\u00f1os agricultores podr\u00e1n recolectar sus propios ar\u00e1ndanos, comprendiendo c\u00f3mo cultivos como estos ayudan a la biodiversidad y al equilibrio ecol\u00f3gico.<\/p><\/div><\/div>\t\t\t\t<\/div>\n\t\t\t\t<\/div>\n\t\t\t\t\t<\/div>\n\t\t\t\t<\/div>\n\t\t\t\t<section class=\"elementor-section elementor-top-section elementor-element elementor-element-sgwytse elementor-section-content-middle elementor-section-boxed elementor-section-height-default elementor-section-height-default\" data-id=\"sgwytse\" data-element_type=\"section\" data-e-type=\"section\" data-settings=\"{&quot;background_background&quot;:&quot;classic&quot;}\">\n\t\t\t\t\t\t\t<div class=\"elementor-background-overlay\"><\/div>\n\t\t\t\t\t\t\t<div class=\"elementor-container elementor-column-gap-no\">\n\t\t\t\t\t<div class=\"elementor-column elementor-col-100 elementor-top-column elementor-element elementor-element-c630f55\" data-id=\"c630f55\" data-element_type=\"column\" data-e-type=\"column\">\n\t\t\t<div class=\"elementor-widget-wrap elementor-element-populated\">\n\t\t\t\t\t\t<div class=\"elementor-element elementor-element-385ea4f elementor-widget elementor-widget-heading\" data-id=\"385ea4f\" data-element_type=\"widget\" data-e-type=\"widget\" data-widget_type=\"heading.default\">\n\t\t\t\t<div class=\"elementor-widget-container\">\n\t\t\t\t\t<h4 class=\"elementor-heading-title elementor-size-default\">Conectando con la naturaleza de manera creativa<\/h4>\t\t\t\t<\/div>\n\t\t\t\t<\/div>\n\t\t\t\t<div class=\"elementor-element elementor-element-f4f3776 elementor-widget__width-initial elementor-widget elementor-widget-text-editor\" data-id=\"f4f3776\" data-element_type=\"widget\" data-e-type=\"widget\" data-widget_type=\"text-editor.default\">\n\t\t\t\t<div class=\"elementor-widget-container\">\n\t\t\t\t\t\t\t\t\t<p data-start=\"2245\" data-end=\"2526\">Cada actividad est\u00e1 dise\u00f1ada para fomentar la creatividad, el trabajo en equipo y el amor por el medio ambiente. Nuestros talleres no solo ense\u00f1an sobre ecolog\u00eda, sino que tambi\u00e9n fomentan la imaginaci\u00f3n y el desarrollo de habilidades art\u00edsticas en un entorno natural incomparable.<\/p>\n<p data-start=\"2528\" data-end=\"2721\">\u00a1Ven a descubrir todo lo que la naturaleza tiene para ofrecer, y deja que tus hijos vivan una experiencia \u00fanica, en la que aprender\u00e1n, se divertir\u00e1n y se llevar\u00e1n a casa recuerdos inolvidables!<\/p>\t\t\t\t\t\t\t\t<\/div>\n\t\t\t\t<\/div>\n\t\t\t\t<div class=\"elementor-element elementor-element-5240374 elementor-button-warning elementor-align-center elementor-widget elementor-widget-button\" data-id=\"5240374\" data-element_type=\"widget\" data-e-type=\"widget\" data-widget_type=\"button.default\">\n\t\t\t\t<div class=\"elementor-widget-container\">\n\t\t\t\t\t\t\t\t\t<div class=\"elementor-button-wrapper\">\n\t\t\t\t\t<a class=\"elementor-button elementor-button-link elementor-size-sm elementor-animation-grow\" href=\"tel:\/\/616555254\">\n\t\t\t\t\t\t<span class=\"elementor-button-content-wrapper\">\n\t\t\t\t\t\t<span class=\"elementor-button-icon\">\n\t\t\t\t<svg aria-hidden=\"true\" class=\"e-font-icon-svg e-fas-phone\" viewbox=\"0 0 512 512\" xmlns=\"http:\/\/www.w3.org\/2000\/svg\"><path d=\"M493.4 24.6l-104-24c-11.3-2.6-22.9 3.3-27.5 13.9l-48 112c-4.2 9.8-1.4 21.3 6.9 28l60.6 49.6c-36 76.7-98.9 140.5-177.2 177.2l-49.6-60.6c-6.8-8.3-18.2-11.1-28-6.9l-112 48C3.9 366.5-2 378.1.6 389.4l24 104C27.1 504.2 36.7 512 48 512c256.1 0 464-207.5 464-464 0-11.2-7.7-20.9-18.6-23.4z\"><\/path><\/svg>\t\t\t<\/span>\n\t\t\t\t\t\t\t\t\t<span class=\"elementor-button-text\">Ll\u00e1manos<\/span>\n\t\t\t\t\t<\/span>\n\t\t\t\t\t<\/a>\n\t\t\t\t<\/div>\n\t\t\t\t\t\t\t\t<\/div>\n\t\t\t\t<\/div>\n\t\t\t\t\t<\/div>\n\t\t<\/div>\n\t\t\t\t\t<\/div>\n\t\t<\/section>\n\t\t\t\t<\/div>","protected":false},"excerpt":{"rendered":"<p>Talleres infantiles Talleres Creativos y Naturaleza en el Coraz\u00f3n de Asturias Nuestra peque\u00f1a escuela-bosque, inspirada en el fen\u00f3meno cultural de friluftsliv, te invita a descubrir un espacio \u00fanico en plena naturaleza en La Reserva. A trav\u00e9s de nuestros talleres infantiles, buscamos conectar a los m\u00e1s peque\u00f1os con el entorno natural, fomentando su creatividad, curiosidad y [&hellip;]<\/p>\n","protected":false},"author":1,"featured_media":0,"parent":0,"menu_order":0,"comment_status":"closed","ping_status":"closed","template":"","meta":{"_monsterinsights_skip_tracking":false,"_monsterinsights_sitenote_active":false,"_monsterinsights_sitenote_note":"","_monsterinsights_sitenote_category":0,"site-sidebar-layout":"no-sidebar","site-content-layout":"page-builder","ast-site-content-layout":"full-width-container","site-content-style":"unboxed","site-sidebar-style":"unboxed","ast-global-header-display":"","ast-banner-title-visibility":"","ast-main-header-display":"","ast-hfb-above-header-display":"","ast-hfb-below-header-display":"","ast-hfb-mobile-header-display":"","site-post-title":"disabled","ast-breadcrumbs-content":"","ast-featured-img":"disabled","footer-sml-layout":"","ast-disable-related-posts":"","theme-transparent-header-meta":"enabled","adv-header-id-meta":"","stick-header-meta":"","header-above-stick-meta":"","header-main-stick-meta":"","header-below-stick-meta":"","astra-migrate-meta-layouts":"set","ast-page-background-enabled":"default","ast-page-background-meta":{"desktop":{"background-color":"var(--ast-global-color-4)","background-image":"","background-repeat":"repeat","background-position":"center center","background-size":"auto","background-attachment":"scroll","background-type":"","background-media":"","overlay-type":"","overlay-color":"","overlay-opacity":"","overlay-gradient":""},"tablet":{"background-color":"","background-image":"","background-repeat":"repeat","background-position":"center center","background-size":"auto","background-attachment":"scroll","background-type":"","background-media":"","overlay-type":"","overlay-color":"","overlay-opacity":"","overlay-gradient":""},"mobile":{"background-color":"","background-image":"","background-repeat":"repeat","background-position":"center center","background-size":"auto","background-attachment":"scroll","background-type":"","background-media":"","overlay-type":"","overlay-color":"","overlay-opacity":"","overlay-gradient":""}},"ast-content-background-meta":{"desktop":{"background-color":"var(--ast-global-color-5)","background-image":"","background-repeat":"repeat","background-position":"center center","background-size":"auto","background-attachment":"scroll","background-type":"","background-media":"","overlay-type":"","overlay-color":"","overlay-opacity":"","overlay-gradient":""},"tablet":{"background-color":"var(--ast-global-color-5)","background-image":"","background-repeat":"repeat","background-position":"center center","background-size":"auto","background-attachment":"scroll","background-type":"","background-media":"","overlay-type":"","overlay-color":"","overlay-opacity":"","overlay-gradient":""},"mobile":{"background-color":"var(--ast-global-color-5)","background-image":"","background-repeat":"repeat","background-position":"center center","background-size":"auto","background-attachment":"scroll","background-type":"","background-media":"","overlay-type":"","overlay-color":"","overlay-opacity":"","overlay-gradient":""}},"footnotes":""},"class_list":["post-1326","page","type-page","status-publish","hentry"],"aioseo_notices":[],"_links":{"self":[{"href":"https:\/\/lareservaxalda.es\/en\/wp-json\/wp\/v2\/pages\/1326","targetHints":{"allow":["GET"]}}],"collection":[{"href":"https:\/\/lareservaxalda.es\/en\/wp-json\/wp\/v2\/pages"}],"about":[{"href":"https:\/\/lareservaxalda.es\/en\/wp-json\/wp\/v2\/types\/page"}],"author":[{"embeddable":true,"href":"https:\/\/lareservaxalda.es\/en\/wp-json\/wp\/v2\/users\/1"}],"replies":[{"embeddable":true,"href":"https:\/\/lareservaxalda.es\/en\/wp-json\/wp\/v2\/comments?post=1326"}],"version-history":[{"count":21,"href":"https:\/\/lareservaxalda.es\/en\/wp-json\/wp\/v2\/pages\/1326\/revisions"}],"predecessor-version":[{"id":3050,"href":"https:\/\/lareservaxalda.es\/en\/wp-json\/wp\/v2\/pages\/1326\/revisions\/3050"}],"wp:attachment":[{"href":"https:\/\/lareservaxalda.es\/en\/wp-json\/wp\/v2\/media?parent=1326"}],"curies":[{"name":"wp","href":"https:\/\/api.w.org\/{rel}","templated":true}]}}